{"id":2488,"date":"2019-08-23T17:29:34","date_gmt":"2019-08-23T15:29:34","guid":{"rendered":"https:\/\/www.csaexemerson.it\/?page_id=2488"},"modified":"2019-08-23T17:29:34","modified_gmt":"2019-08-23T15:29:34","slug":"festival-del-cinema-documentario-resistente-2019","status":"publish","type":"page","link":"https:\/\/csaexemerson.org\/index.php\/festival-del-cinema-documentario-resistente-2019\/","title":{"rendered":"Festival del Cinema Documentario Resistente 2019"},"content":{"rendered":"\n<div class=\"wp-block-image\"><figure class=\"aligncenter\"><img loading=\"lazy\" decoding=\"async\" width=\"424\" height=\"600\" src=\"https:\/\/new.csaexemerson.org\/wp-content\/uploads\/2019\/08\/cinedoc2019WEB.jpg\" alt=\"\" class=\"wp-image-2489\" srcset=\"https:\/\/csaexemerson.org\/wp-content\/uploads\/2019\/08\/cinedoc2019WEB.jpg 424w, https:\/\/csaexemerson.org\/wp-content\/uploads\/2019\/08\/cinedoc2019WEB-212x300.jpg 212w\" sizes=\"auto, (max-width: 424px) 100vw, 424px\" \/><\/figure><\/div>\n\n\n<p>Prima edizione del Festival del Cinema Documentario Resistente.<\/p>\n\n\n<p>Cinema di Castello \/ NextEmerson <br \/>dal 18 al 20 ottobre 2019<\/p>\n\n\n<h3 class=\"wp-block-heading\">Programma <\/h3>\n\n\n<h4 class=\"wp-block-heading\">Venerdi&#8217; 18 ottobre &#8211; c\/o Cinema di Castello<\/h4>\n\n\n<p>21.30 &#8211; <a rel=\"noreferrer noopener\" aria-label=\"The Harvest  (apre in una nuova scheda)\" href=\"https:\/\/www.theharvest.it\/il-film\/\" target=\"_blank\">The Harvest <\/a> <em>(di Andrea Paco Mariani, 73&#8242;, IT, FullHD, 2017, ita)<\/em><br \/><i><strong>presenti Andrea Paco Mariani (regista), Marta Melina (produttrice)<\/strong><\/i><\/p>\n\n\n<hr class=\"wp-block-separator\"\/>\n\n\n<h4 class=\"wp-block-heading\">Sabato 19 ottobre &#8211; c\/o NextEmerson<\/h4>\n\n\n<p>18.00 &#8211; <a rel=\"noreferrer noopener\" aria-label=\"The battle for New York (apre in una nuova scheda)\" href=\"http:\/\/awenfilms.net\/the-battle-for-ny\/\" target=\"_blank\">The battle for New York<\/a> <em>(di Valerio Ciriaci, USA, 2018)<\/em> <strong><em>(collegamento video con il regista)<\/em><\/strong><br \/>19.00 &#8211; presentazione del progetto <a rel=\"noreferrer noopener\" aria-label=\"SMK Videofactory (apre in una nuova scheda)\" href=\"https:\/\/www.smkvideofactory.com\/\" target=\"_blank\">SMK Videofactory<\/a> <br \/>20.00 buffet<\/p>\n\n\n<h6 class=\"wp-block-heading\">Sala I<\/h6>\n\n\n<p style=\"text-align:left\">21.00 presentazione di  <a rel=\"noreferrer noopener\" href=\"https:\/\/www.milkywaydoc.com\/\" target=\"_blank\">The Milky Way<\/a> <em>di Luigi D&#8217;Alife<\/em>  (in produzione) con proiezione di <a rel=\"noreferrer noopener\" href=\"https:\/\/vimeo.com\/314448112\" target=\"_blank\">Sul Confine occidentale<\/a>  (<em>IT, 2018, 20min, ita)&nbsp;<\/em>di Luigi  D&#8217;alife <strong><em>presente Luigi D&#8217;alife (regista)<\/em><\/strong><br \/>22.00 <a rel=\"noreferrer noopener\" aria-label=\"Il massacro di Cizre (apre in una nuova scheda)\" href=\"https:\/\/www.openddb.it\/film\/il-massacro-di-cizre\/\" target=\"_blank\">Il massacro di Cizre<\/a> <em>(di Luigi D&#8217;alife, IT, 2015, 17min, ita)<\/em><br \/>22.30 <a rel=\"noreferrer noopener\" aria-label=\"The antifascists (apre in una nuova scheda)\" href=\"http:\/\/www.theantifascists.se\/en\/\" target=\"_blank\">The antifascists<\/a> <em>(di Patrik \u00d6berg and Emil Ramos, SE, 2017, 75min, eng sub ita) <\/em><strong><em>(collegamento video con  i registi)<\/em><\/strong><br \/><\/p>\n\n\n<h6 class=\"wp-block-heading\">Sala II<\/h6>\n\n\n<p>21.00 <a rel=\"noreferrer noopener\" aria-label=\"The Stone River (apre in una nuova scheda)\" href=\"http:\/\/www.altarafilms.com\/the-stone-river\/\" target=\"_blank\">The Stone River<\/a> <em>(di Giovanni Donfrancesco, IT\/FR, HD, 87min, eng sub ita) <\/em><br \/>22.30 <a rel=\"noreferrer noopener\" aria-label=\"Entroterra. Memorie e desideri delle montagne minori (apre in una nuova scheda)\" href=\"http:\/\/boschilla.altervista.org\/il-film\/\" target=\"_blank\">Entroterra. Memorie e desideri delle montagne minori<\/a> <em>(di Andrea Chiloiro, Riccardo Franchini, Giovanni Labriola, Matteo Ragno, ITA, 2018, 61 min)<\/em> <strong><em>(presenti gli autori)<\/em><\/strong><\/p>\n\n\n<hr class=\"wp-block-separator\"\/>\n\n\n<h4 class=\"wp-block-heading\">Domenica 20 ottobre c\/o NextEmerson<\/h4>\n\n\n<p>17.00 <a rel=\"noreferrer noopener\" aria-label=\"Deforestazione made in Italy (apre in una nuova scheda)\" href=\"http:\/\/www.deforestazionemadeinitaly.it\/\" target=\"_blank\">Deforestazione made in Italy<\/a> <em>(di Francesco de Augustinis, IT, 2019, 67min, ita)<\/em><br \/>18.00 <a rel=\"noreferrer noopener\" aria-label=\"Per Lorenzo, ultimo magnifico (apre in una nuova scheda)\" href=\"https:\/\/www.perunaltracitta.org\/2019\/06\/05\/per-lorenzo-lultimo-magnifico\/\" target=\"_blank\">Per Lorenzo, ultimo magnifico<\/a> <em>(di Alessandro De Angeli, IT, 2019, 11min, ita)<\/em><br \/>18.30 <a rel=\"noreferrer noopener\" aria-label=\"The Atomic Caf\u00e9 (apre in una nuova scheda)\" href=\"https:\/\/it.wikipedia.org\/wiki\/The_Atomic_Cafe\" target=\"_blank\">The Atomic Caf\u00e9<\/a> <em>(di Jayne Loader, Kevin Rafferty e Pierce Rafferty, USA, 1982, 86min, eng sub ita)<\/em> &#8211; <strong>Musicato dal vivo<\/strong><br \/>20.00 buffet<\/p>\n\n\n<h6 class=\"wp-block-heading\">Sala I<\/h6>\n\n\n<p>21.00 <a rel=\"noreferrer noopener\" aria-label=\"26 de diciembre (apre in una nuova scheda)\" href=\"http:\/\/silviamaggi.com\/26-de-diciembre\/\" target=\"_blank\">26 de diciembre<\/a> <em>(di Silvia Maggi, ES,<\/em> <em>2017, 71min, es sub ita)<\/em> <strong><em>(collegamento video con la regista)<\/em><\/strong><br \/>22.30 <a rel=\"noreferrer noopener\" aria-label=\"Another Lisbon Story (apre in una nuova scheda)\" href=\"https:\/\/www.openddb.it\/film\/another-lisbon-story\/\" target=\"_blank\">Another Lisbon Story<\/a> <em>(di Claudio Carbone, PT, 2017, 59min, pl sub ita)<\/em> <strong><em>presente Claudio Carbone<\/em><\/strong> (regista)<\/p>\n\n\n<h6 class=\"wp-block-heading\">Sala II<\/h6>\n\n\n<p>21.30 <a rel=\"noreferrer noopener\" aria-label=\"Antifa, chasseurs de skins (apre in una nuova scheda)\" href=\"https:\/\/fr.wikipedia.org\/wiki\/Antifa,_chasseurs_de_skins\" target=\"_blank\">Antifa, chasseurs de skins<\/a> <em>(di Marc-Aur\u00e8le Vecchione, FR, 2008, 65min, fr sub ita)<\/em><br \/>22.30 <a rel=\"noreferrer noopener\" aria-label=\"Ditching the fear (apre in una nuova scheda)\" href=\"https:\/\/en.labournet.tv\/ditching-fear-0\" target=\"_blank\">Ditching the fear<\/a> <em>(di Rosa Cannone e Johanna Schellhagen, 2015, 80min, ita sub eng)<\/em><\/p>\n\n\n<hr class=\"wp-block-separator\"\/>\n\n\n<h3 class=\"wp-block-heading\">Sinossi e info sui film<\/h3>\n\n\n<div class=\"wp-block-image\"><figure class=\"alignleft is-resized\"><img loading=\"lazy\" decoding=\"async\" src=\"https:\/\/new.csaexemerson.org\/wp-content\/uploads\/2019\/08\/harvest-300x172.jpg\" alt=\"\" class=\"wp-image-2490\" width=\"225\" height=\"129\" srcset=\"https:\/\/csaexemerson.org\/wp-content\/uploads\/2019\/08\/harvest-300x172.jpg 300w, https:\/\/csaexemerson.org\/wp-content\/uploads\/2019\/08\/harvest.jpg 749w\" sizes=\"auto, (max-width: 225px) 100vw, 225px\" \/><\/figure><\/div>\n\n\n<p><a rel=\"noreferrer noopener\" href=\"https:\/\/www.theharvest.it\/il-film\/\" target=\"_blank\">The Harvest <\/a> <br \/><em>(di Andrea Paco Mariani, IT, 73&#8242;, FullHD, 2017, ita)<\/em><\/p>\n\n\n<p>Un docu-musical che, per la prima volta, unisce il linguaggio\ndel documentario alle coreografie delle danze punjabi, raccontando\nl\u2019umiliazione dei lavoratori sfruttati dai datori di lavoro e dai\ncaporali. Due storie che si intrecciano nel corso di una giornata, dalle\n prime ore di luce in cui inizia il lavoro in campagna alla preghiera\nserale presso il tempio della comunit\u00e0.<br \/> Un duro lavoro di semina,\nfatto giorno dopo giorno, il cui meritato raccolto, tra permessi di\nsoggiorno da rinnovare e buste paga fasulle, sembra essere ancora\nlontano.<\/p>\n\n\n<div class=\"wp-block-image\"><figure class=\"alignleft is-resized\"><img loading=\"lazy\" decoding=\"async\" src=\"https:\/\/new.csaexemerson.org\/wp-content\/uploads\/2019\/08\/battle-of-ny-200x300.jpg\" alt=\"\" class=\"wp-image-2491\" width=\"150\" height=\"225\"\/><\/figure><\/div>\n\n\n<p><a rel=\"noreferrer noopener\" href=\"http:\/\/awenfilms.net\/the-battle-for-ny\/\" target=\"_blank\">The battle for New York<\/a><em> <br \/>(di Valerio Ciriaci, USA, 2018)<\/em> <\/p>\n\n\n<p>Film in cinque parti: <em>1.&nbsp;&nbsp;Rats in the Hallway<\/em> \/\/ Working class women of color and young white socialists in an East Harlem join forces against a private equity slumlord.&nbsp; <em>2.&nbsp;&nbsp;Seeing Green<\/em> \/\/ Community organizers in Crown Heights and Flatbush clash with their community board representatives over zoning changes.  <em>3. No Relief<\/em> \/\/ Activists and  tenants mobilize against rent hikes as the New York City Rent  Guidelines Board prepares to vote on the 2018-2019 adjustments for  rent-stabilized apartments.  4. Beyond Repair \/\/ With State rent regulations set to expire in June, a Queens tenant speaks out against the Major Capital Improvement program and the unfair rent increases it enables. Housing rights activists citywide gather to put pressure on Democratic lawmakers in Albany to pass a package of progressive reforms and eliminate MCI abatements altogether.  5. Wolf at the Door \/\/  As a Manhattan real estate developer makes arrangements to erect a new luxury tower, Ridgewood residents prepare for long-term resistance against gentrification and displacement.<\/p>\n\n\n<div class=\"wp-block-image\"><figure class=\"alignleft is-resized\"><img loading=\"lazy\" decoding=\"async\" src=\"https:\/\/new.csaexemerson.org\/wp-content\/uploads\/2019\/08\/milky-300x147.jpg\" alt=\"\" class=\"wp-image-2492\" width=\"225\" height=\"110\" srcset=\"https:\/\/csaexemerson.org\/wp-content\/uploads\/2019\/08\/milky-300x147.jpg 300w, https:\/\/csaexemerson.org\/wp-content\/uploads\/2019\/08\/milky-1024x501.jpg 1024w, https:\/\/csaexemerson.org\/wp-content\/uploads\/2019\/08\/milky-768x376.jpg 768w, https:\/\/csaexemerson.org\/wp-content\/uploads\/2019\/08\/milky-1536x752.jpg 1536w, https:\/\/csaexemerson.org\/wp-content\/uploads\/2019\/08\/milky.jpg 1855w\" sizes=\"auto, (max-width: 225px) 100vw, 225px\" \/><\/figure><\/div>\n\n\n<p><a rel=\"noreferrer noopener\" href=\"https:\/\/www.milkywaydoc.com\/\" target=\"_blank\">The Milky Way<\/a><br \/><em>(di Luigi D&#8217;Alife, in produzione)<\/em> &#8211; <a href=\"https:\/\/youtu.be\/RNnzbc19Hvo\" target=\"_blank\" rel=\"noreferrer noopener\" aria-label=\"Trailer (apre in una nuova scheda)\">Trailer<\/a><\/p>\n\n\n<p>The Milky Way \u00e8 un docufilm che si pone come obiettivo il racconto dei territori di confine delle Alpi occidentali tra Italia e Francia, in relazione alle persone che lo attraversano e agli abitanti che lo vivono, in una sorta di parallelo tra \u201cieri\u201d e \u201coggi\u201d, in uno schema molte volte sovrapponibile e che si riproduce con quasi le stesse dinamiche, nonostante il passare del tempo.<\/p>\n\n\n<div class=\"wp-block-image\"><figure class=\"alignleft is-resized\"><img loading=\"lazy\" decoding=\"async\" src=\"https:\/\/new.csaexemerson.org\/wp-content\/uploads\/2019\/08\/occidentale-1-300x168.jpg\" alt=\"\" class=\"wp-image-2494\" width=\"225\" height=\"126\"\/><\/figure><\/div>\n\n\n<p><a rel=\"noreferrer noopener\" href=\"https:\/\/vimeo.com\/314448112\" target=\"_blank\">Sul Confine occidentale<\/a><em> <br \/>(di Luigi D&#8217;alife, IT, 2018, 20min, ita)<\/em> &#8211; <a rel=\"noreferrer noopener\" aria-label=\"Trailer (apre in una nuova scheda)\" href=\"https:\/\/vimeo.com\/314448112\" target=\"_blank\">Trailer<\/a><\/p>\n\n\n<p>Sui pendii innevati dell&#8217;alta Val di Susa decine di uomini e donne\nprovano tutti i giorni a sfidare le alpi per raggiungere la\nFrancia.Queste strade di confine, questi sentieri, non sono una nuova\nrotta della migrazione, ma vedono transitare da centinaia di anni\npersone di ogni lingua e colore, in cerca di qualcosa di diverso, forse\nmigliore, spinti dalla forza della libert\u00e0 e della dignit\u00e0.<\/p>\n\n\n<div class=\"wp-block-image\"><figure class=\"alignleft is-resized\"><img loading=\"lazy\" decoding=\"async\" src=\"https:\/\/new.csaexemerson.org\/wp-content\/uploads\/2019\/08\/il-massacro-di-cizre-295x406-1-218x300.jpg\" alt=\"\" class=\"wp-image-2495\" width=\"164\" height=\"225\" srcset=\"https:\/\/csaexemerson.org\/wp-content\/uploads\/2019\/08\/il-massacro-di-cizre-295x406-1-218x300.jpg 218w, https:\/\/csaexemerson.org\/wp-content\/uploads\/2019\/08\/il-massacro-di-cizre-295x406-1.jpg 295w\" sizes=\"auto, (max-width: 164px) 100vw, 164px\" \/><\/figure><\/div>\n\n\n<p><a rel=\"noreferrer noopener\" href=\"https:\/\/www.openddb.it\/film\/il-massacro-di-cizre\/\" target=\"_blank\">Il massacro di Cizre<\/a> <br \/><em> (di Luigi D&#8217;alife, IT, 2015, 17min, ita)<\/em> &#8211; <a rel=\"noreferrer noopener\" aria-label=\"Trailer (apre in una nuova scheda)\" href=\"https:\/\/vimeo.com\/143729559\" target=\"_blank\">Trailer<\/a><\/p>\n\n\n<p>Cizre, estremo sud-est della Turchia. Il 4 Settembre 2015 un provvedimento del governatore di Sirnak dichiara lo stato di emergenza, un coprifuoco di 24 ore su 24 viene imposto a tutta la popolazione. Nessuno pu\u00f2 uscire di casa, l&#8217;ospedale viene chiuso cos\u00ec come tutte le attivit\u00e0 commerciali. Non c&#8217;\u00e8 acqua ne corrente elettrica, i cellulari non funzionano, Cizre \u00e8 isolata dal Mondo. Comincia l&#8217;assedio.<\/p>\n\n\n<div class=\"wp-block-image\"><figure class=\"alignleft is-resized\"><img loading=\"lazy\" decoding=\"async\" src=\"https:\/\/new.csaexemerson.org\/wp-content\/uploads\/2019\/08\/stone-river-203x300.jpg\" alt=\"\" class=\"wp-image-2511\" width=\"152\" height=\"225\" srcset=\"https:\/\/csaexemerson.org\/wp-content\/uploads\/2019\/08\/stone-river-203x300.jpg 203w, https:\/\/csaexemerson.org\/wp-content\/uploads\/2019\/08\/stone-river.jpg 550w\" sizes=\"auto, (max-width: 152px) 100vw, 152px\" \/><\/figure><\/div>\n\n\n<p><a rel=\"noreferrer noopener\" href=\"http:\/\/www.altarafilms.com\/the-stone-river\/\" target=\"_blank\">The Stone River<\/a> <br \/>(di Giovanni Donfrancesco, <em>IT\/FR, HD, 87min, eng sub ita) <\/em> &#8211; <a rel=\"noreferrer noopener\" aria-label=\"Trailer (apre in una nuova scheda)\" href=\"https:\/\/vimeo.com\/ondemand\/stoneeng\" target=\"_blank\">Trailer<\/a><\/p>\n\n\n<p>Un anziano scultore vaga nel cimitero di Hope, interrogando le tombe dei lavoratori della pietra che a cavallo tra Ottocento e Novecento partendo da Carrara e da mezza Europa giunsero a Barre, nel Vermont, dove si aprivano le pi\u00f9 grandi cave di granito del mondo. Un viaggio metafisico nel presente della provincia americana, in cui i vivi prestano voce e corpo ai fantasmi dei loro avi. Un affresco sorprendente che ritrae l\u2019epopea tragica di un\u2019intera comunit\u00e0 impegnata nella perenne e titanica lotta contro la pietra, tra drammatiche battaglie sociali e morti bianche, tra lo splendore dell\u2019arte scultorea e l\u2019utopia anarchica, tra speranza e tragedia.<\/p>\n\n\n<p><a rel=\"noreferrer noopener\" href=\"http:\/\/www.theantifascists.se\/en\/\" target=\"_blank\">The antifascists<\/a> <br \/><em> (di Patrik \u00d6berg and Emil Ramos, SE, 2017, 75min, eng sub ita)<\/em> &#8211; <a rel=\"noreferrer noopener\" aria-label=\"Trailer (apre in una nuova scheda)\" href=\"https:\/\/youtu.be\/KPare1-fHXM\" target=\"_blank\">Trailer<\/a><\/p>\n\n\n<div class=\"wp-block-image\"><figure class=\"alignleft is-resized\"><img loading=\"lazy\" decoding=\"async\" src=\"https:\/\/new.csaexemerson.org\/wp-content\/uploads\/2019\/08\/the-antifascists-300x171.png\" alt=\"\" class=\"wp-image-2496\" width=\"225\" height=\"128\" srcset=\"https:\/\/csaexemerson.org\/wp-content\/uploads\/2019\/08\/the-antifascists-300x171.png 300w, https:\/\/csaexemerson.org\/wp-content\/uploads\/2019\/08\/the-antifascists.png 700w\" sizes=\"auto, (max-width: 225px) 100vw, 225px\" \/><\/figure><\/div>\n\n\n<p>A low intense war is being fought on the\nstreets of Europe and the aim is on fascism. This documentary takes us\nbehind the masks of the militant groups called antifascists. <br \/> In 2013 a group of armed national socialists attack a peaceful demonstration in Stockholm where several people are injured. In Greece the neo-nazi party Golden Dawn becomes the third largest in the election and in Malm\u00f6 the activist Showan Shattak and his friends are attacked by a group of nazis with knives and he ends up in a coma. <br \/>In this portrait of the antifascists in Greece and Sweden we get to meet key figures who explain their view on their radical politics, but also to question the level their own violence and militancy. <\/p>\n\n\n<div class=\"wp-block-image\"><figure class=\"alignleft is-resized\"><img loading=\"lazy\" decoding=\"async\" src=\"https:\/\/new.csaexemerson.org\/wp-content\/uploads\/2019\/09\/entroterra-300x169.png\" alt=\"\" class=\"wp-image-2541\" width=\"225\" height=\"127\" srcset=\"https:\/\/csaexemerson.org\/wp-content\/uploads\/2019\/09\/entroterra-300x169.png 300w, https:\/\/csaexemerson.org\/wp-content\/uploads\/2019\/09\/entroterra.png 768w\" sizes=\"auto, (max-width: 225px) 100vw, 225px\" \/><\/figure><\/div>\n\n\n<p><a rel=\"noreferrer noopener\" aria-label=\"Entroterra. Memorie e desideri delle montagne minori. (apre in una nuova scheda)\" href=\"http:\/\/boschilla.altervista.org\/il-film\/\" target=\"_blank\">Entroterra. Memorie e desideri delle montagne minori.<\/a><br \/><em>(di Andrea Chiloiro, Riccardo Franchini, Giovanni Labriola, Matteo Ragno, ITA, 2018, 61 min)<\/em><\/p>\n\n\n<p>Sono centinaia i paesi, le borgate e le frazioni abbandonate e sparse lungo tutta la dorsale appenninica. Sono la traccia sul territorio della marginalit\u00e0 delle aree interne e insieme il simbolo dei cortocircuiti di univoci modelli di sviluppo che troppo spesso hanno condotto altrove chi vi abitava. Oggi questa montagna minore \u00e8 ancora vissuta. Tratto da un\u2019esperienza di viaggio e di ricerca, Entroterra ricostruisce i recenti processi di spopolamento di territori molto distanti fra loro.<br \/> Dall\u2019Emilia alla Calabria, dalla Campania all\u2019Abruzzo, storie, luoghi e personaggi si intrecciano in un\u2019unica voce appenninica, in cui eventi e tendenze affini rivelano nuove prospettive e possibili radicamenti in alta quota.<\/p>\n\n\n<div class=\"wp-block-image\"><figure class=\"alignleft is-resized\"><img loading=\"lazy\" decoding=\"async\" src=\"https:\/\/new.csaexemerson.org\/wp-content\/uploads\/2019\/09\/Deforestazione-Made-in-Italy-696x464-1-300x200.jpg\" alt=\"\" class=\"wp-image-2552\" width=\"225\" height=\"150\" srcset=\"https:\/\/csaexemerson.org\/wp-content\/uploads\/2019\/09\/Deforestazione-Made-in-Italy-696x464-1-300x200.jpg 300w, https:\/\/csaexemerson.org\/wp-content\/uploads\/2019\/09\/Deforestazione-Made-in-Italy-696x464-1.jpg 696w\" sizes=\"auto, (max-width: 225px) 100vw, 225px\" \/><\/figure><\/div>\n\n\n<p><a rel=\"noreferrer noopener\" href=\"http:\/\/www.deforestazionemadeinitaly.it\/\" target=\"_blank\">Deforestazione made in Italy<\/a><em>(di Francesco de Augustinis, IT, 2019, 67min, ita)<\/em> <br \/><a href=\"https:\/\/vimeo.com\/329162076\" target=\"_blank\" rel=\"noreferrer noopener\" aria-label=\"Trailer (apre in una nuova scheda)\">Trailer<\/a><\/p>\n\n\n<p>Siamo nel Nordest del Brasile, in Par\u00e1, nel cuore della foresta Amazzonica. Eppure lo scenario non \u00e8 quello che ci aspettiamo di trovare. Non ci sono alberi, non ci sono animali esotici che si muovono da un ramo all\u2019altro. C\u2019\u00e8 una grande distesa di terra battuta, rossastra, solcata da decine e decine di camion. \u00c8 da questo luogo desolato che partono per un lungo viaggio i tronchi tagliati illegalmente nella foresta e le altre merci prodotte in questa regione, legate a doppio filo con la deforestazione. &nbsp; Attraverso una serie di salti da una parte all\u2019altra dell\u2019Oceano, sulla stessa rotta delle grandi navi cargo, seguiamo il legname illegale, la carne di manzo, la pelle, la soia, fino in Europa, in Italia. Qui queste <em>commodity a rischio<\/em> sono utilizzate per produrre la maggior parte delle eccellenze del Made in Italy: dai mobili, alla moda, alla gastronomia famosa in tutto il mondo. <br \/>Ma si pu\u00f2 davvero parlare di eccellenza, quando queste industrie si fondano sulla deforestazione tropicale? <\/p>\n\n\n<p><a rel=\"noreferrer noopener\" href=\"https:\/\/www.perunaltracitta.org\/2019\/06\/05\/per-lorenzo-lultimo-magnifico\/\" target=\"_blank\">Per Lorenzo, ultimo magnifico<\/a><br \/> <em>(di Alessandro De Angeli, IT, 2019, 11min, ita)<\/em><\/p>\n\n\n<p>A distanza di due anni dalla scomparsa di Lorenzo Bargellini, un breve collage video per ricordarlo, con la consapevolezza del vuoto che ha lasciato e della necessit\u00e0 di riempirlo in continuit\u00e0 con i quasi trent\u2019anni di lotta che lo hanno visto protagonista.<\/p>\n\n\n<div class=\"wp-block-image\"><figure class=\"alignleft is-resized\"><img loading=\"lazy\" decoding=\"async\" src=\"https:\/\/new.csaexemerson.org\/wp-content\/uploads\/2019\/09\/The-Atomic-Cafe-doc-1982-documentario-250x300.jpg\" alt=\"\" class=\"wp-image-2551\" width=\"188\" height=\"225\" srcset=\"https:\/\/csaexemerson.org\/wp-content\/uploads\/2019\/09\/The-Atomic-Cafe-doc-1982-documentario-250x300.jpg 250w, https:\/\/csaexemerson.org\/wp-content\/uploads\/2019\/09\/The-Atomic-Cafe-doc-1982-documentario.jpg 600w\" sizes=\"auto, (max-width: 188px) 100vw, 188px\" \/><\/figure><\/div>\n\n\n<p><a rel=\"noreferrer noopener\" href=\"https:\/\/it.wikipedia.org\/wiki\/The_Atomic_Cafe\" target=\"_blank\">The Atomic Caf\u00e9<\/a><em>(di Jayne Loader, Kevin Rafferty e Pierce Rafferty, USA, 1982, 86min, eng sub ita)<\/em> &#8211; <strong>Musicato dal vivo<\/strong><br \/><a rel=\"noreferrer noopener\" aria-label=\"Trailer (apre in una nuova scheda)\" href=\"https:\/\/www.youtube.com\/watch?v=AymBFIo2-sM\" target=\"_blank\">Trailer<\/a><\/p>\n\n\n<p>&#8220;Tra i documentari pi\u00f9 importanti del 20\u00b0 secolo, The Atomic Caf\u00e9 (1982) smascherava, grazie anche alle armi dell&#8217;humor nero&nbsp;e della satira,&nbsp;i paradossi della propaganda mediatica pro-nucleare  tra i &#8217;40 e i &#8217;60, spesso grottesca, che a partire dai centri del  potere si insinuava nelle case dei comuni cittadini e in tutta la  cultura popolare statunitense: la&nbsp; Grande Bomba come benefico e generoso  dono all&#8217;umanit\u00e0, la leva su un patriottismo d&#8217;accatto, sullo  spauracchio comunista, su un surreale volere divino, la rimozione totale  delle orribili conseguenze della catastrofe di Hiroshima.&#8221; <a href=\"https:\/\/www.sentieriselvaggi.it\/the-atomic-cafe-classico-atomico-i-pazzi-siete-voi\/\" target=\"_blank\" rel=\"noreferrer noopener\" aria-label=\"(sentieriselvaggi.it) (apre in una nuova scheda)\">(sentieriselvaggi.it)<\/a><\/p>\n\n\n<p>                                                                                   <\/p>\n\n\n<div class=\"wp-block-image\"><figure class=\"alignleft is-resized\"><img loading=\"lazy\" decoding=\"async\" src=\"https:\/\/new.csaexemerson.org\/wp-content\/uploads\/2019\/08\/26dic-212x300.jpg\" alt=\"\" class=\"wp-image-2498\" width=\"151\" height=\"213\" srcset=\"https:\/\/csaexemerson.org\/wp-content\/uploads\/2019\/08\/26dic-212x300.jpg 212w, https:\/\/csaexemerson.org\/wp-content\/uploads\/2019\/08\/26dic-724x1024.jpg 724w, https:\/\/csaexemerson.org\/wp-content\/uploads\/2019\/08\/26dic-768x1086.jpg 768w, https:\/\/csaexemerson.org\/wp-content\/uploads\/2019\/08\/26dic-1087x1536.jpg 1087w, https:\/\/csaexemerson.org\/wp-content\/uploads\/2019\/08\/26dic.jpg 1158w\" sizes=\"auto, (max-width: 151px) 100vw, 151px\" \/><\/figure><\/div>\n\n\n<p><a rel=\"noreferrer noopener\" href=\"http:\/\/silviamaggi.com\/26-de-diciembre\/\" target=\"_blank\">26 de diciembre<\/a> <br \/><em> (di Silvia Maggi, ES,2017, 71min, es sub ita)<\/em> &#8211; <a rel=\"noreferrer noopener\" aria-label=\"Trailer (apre in una nuova scheda)\" href=\"https:\/\/vimeo.com\/207021637\" target=\"_blank\">Trailer<\/a><\/p>\n\n\n<p>Per un mese, la regista Silvia Maggi e la ricercatrice Silvia Radicioni assieme al loro team hanno seguito la comunit\u00e0 Fundaci\u00f3n 26 de Diciembre a Lavapies, Madrid, durante il processo di creazione della loro nuova casa per anziani LGBT. Documentando la vita quotidiana all&#8217; interno della comunit\u00e0, questo lavoro mette in discussione le questioni dell&#8217;assistenza agli anziani, vita in comune e l&#8217;attivismo politico in tempi di cambiamento sociale. Quali sono le esperienze, bisogni e sogni, una volta che si passa una certa et\u00e0, e come si fa a reagire e dare voce a questo paesaggio in cui sono presenti l&#8217;isolamento, la discriminazione e la stigmatizzazione?        <\/p>\n\n\n<div class=\"wp-block-image\"><figure class=\"alignleft is-resized\"><img loading=\"lazy\" decoding=\"async\" src=\"https:\/\/new.csaexemerson.org\/wp-content\/uploads\/2019\/08\/Another-lisbon-story-295x406-1-218x300.jpg\" alt=\"\" class=\"wp-image-2499\" width=\"164\" height=\"225\" srcset=\"https:\/\/csaexemerson.org\/wp-content\/uploads\/2019\/08\/Another-lisbon-story-295x406-1-218x300.jpg 218w, https:\/\/csaexemerson.org\/wp-content\/uploads\/2019\/08\/Another-lisbon-story-295x406-1.jpg 295w\" sizes=\"auto, (max-width: 164px) 100vw, 164px\" \/><\/figure><\/div>\n\n\n<p><a rel=\"noreferrer noopener\" href=\"https:\/\/www.openddb.it\/film\/another-lisbon-story\/\" target=\"_blank\">Another Lisbon Story<\/a> <br \/><em>(di Claudio Carbone, PT, 2017, 59min, pl sub ita)<\/em> &#8211; <a rel=\"noreferrer noopener\" aria-label=\"Trailer (apre in una nuova scheda)\" href=\"https:\/\/vimeo.com\/199353158\" target=\"_blank\">Trailer<\/a><\/p>\n\n\n<p>Il Bairro da Torre \u00e8 un quartiere vicino Lisbona. I residenti sono parte attiva nelle decisioni del quartiere ed un gruppo di ricerca segue il processo d\u2019inclusione nella societ\u00e0.<br \/> Nate a lato dell\u2019attuale aeroporto di Lisbona in seguito ad un\u2019occupazione illegale da parte di popolazioni portoghesi, africane e gitane, queste abitazioni non legalizzate sono frutto dell\u2019assenza di una politica che non ha risposto negli ultimi anni alle carenze e necessit\u00e0 di quelle popolazioni con basso reddito, le quali hanno cercato mezzi alternativi per \u201crisolvere\u201d il problema della casa.<\/p>\n\n\n<div class=\"wp-block-image\"><figure class=\"alignleft is-resized\"><img loading=\"lazy\" decoding=\"async\" src=\"https:\/\/new.csaexemerson.org\/wp-content\/uploads\/2019\/08\/chasseurs.jpg\" alt=\"\" class=\"wp-image-2500\" width=\"145\" height=\"196\"\/><\/figure><\/div>\n\n\n<p><a rel=\"noreferrer noopener\" href=\"https:\/\/fr.wikipedia.org\/wiki\/Antifa,_chasseurs_de_skins\" target=\"_blank\">Antifa, chasseurs de skins<\/a><br \/><em> (di Marc-Aur\u00e8le Vecchione, FR, 2008, 65min, fr sub ita)<\/em> &#8211; <a rel=\"noreferrer noopener\" aria-label=\"Trailer (apre in una nuova scheda)\" href=\"https:\/\/www.youtube.com\/watch?v=SJkfNZFOUVs\" target=\"_blank\">Trailer<\/a><\/p>\n\n\n<p>\u00c0 Paris, au d\u00e9but des ann\u00e9es 1980, le mouvement skinhead venu d&#8217;Angleterre arrive en France.<br \/> Ce sont principalement les skinheads nationalistes qui vont d\u00e9frayer la chronique pour la d\u00e9cennie \u00e0 venir, \u00e0 coup de provocations et de crimes racistes.<br \/> De nouvelles bandes se r\u00e9clamant elles aussi du mouvement skinhead : les Red Warriors, les Ruddy Fox ou encore les Ducky Boys vont alors s&#8217;engager dans une confrontation directe et auront pour principale motivation de lutter contre les skinheads nationalistes et leurs actes racistes, en recourant entre autres moyens \u00e0 la violence.<br \/> On les surnommera les \u00ab chasseurs de skins \u00bb.<\/p>\n\n\n<div class=\"wp-block-image\"><figure class=\"alignleft is-resized\"><img loading=\"lazy\" decoding=\"async\" src=\"https:\/\/new.csaexemerson.org\/wp-content\/uploads\/2019\/08\/ditching-300x169.gif\" alt=\"\" class=\"wp-image-2501\" width=\"225\" height=\"127\" srcset=\"https:\/\/csaexemerson.org\/wp-content\/uploads\/2019\/08\/ditching-300x169.gif 300w, https:\/\/csaexemerson.org\/wp-content\/uploads\/2019\/08\/ditching-768x432.gif 768w\" sizes=\"auto, (max-width: 225px) 100vw, 225px\" \/><\/figure><\/div>\n\n\n<p><a rel=\"noreferrer noopener\" href=\"https:\/\/en.labournet.tv\/ditching-fear-0\" target=\"_blank\">Ditching the fear<\/a> <br \/><em>(di Rosa Cannone e Johanna Schellhagen, 2015, 80min, ita sub eng)<\/em><\/p>\n\n\n<p>Since 2008 in northern Italy, unusual things have been happening. Companies, the polical class and the media are using the onset of the crisis to further undermine workers&#8217; rights, which have been, up until now, crushed. On the other side, a lively and strong resistance has been forming at the bottom end of the wage scale.<\/p>\n","protected":false},"excerpt":{"rendered":"<p>Prima edizione del Festival del Cinema Documentario Resistente. Cinema di Castello \/ NextEmerson dal 18 al 20 ottobre 2019 Programma Venerdi&#8217; 18 ottobre &#8211; c\/o Cinema di Castello 21.30 &#8211; The Harvest (di Andrea Paco Mariani, 73&#8242;, IT, FullHD, 2017, ita)presenti Andrea Paco Mariani (regista), Marta Melina (produttrice) Sabato 19 ottobre &#8211; c\/o NextEmerson 18.00 &hellip;<\/p>\n<p class=\"read-more\"> <a class=\"\" href=\"https:\/\/csaexemerson.org\/index.php\/festival-del-cinema-documentario-resistente-2019\/\"> <span class=\"screen-reader-text\">Festival del Cinema Documentario Resistente 2019<\/span> Leggi altro &raquo;<\/a><\/p>\n","protected":false},"author":1,"featured_media":0,"parent":0,"menu_order":0,"comment_status":"closed","ping_status":"closed","template":"","meta":{"_uag_custom_page_level_css":"","site-sidebar-layout":"default","site-content-layout":"default","ast-global-header-display":"","ast-main-header-display":"","ast-hfb-above-header-display":"","ast-hfb-below-header-display":"","ast-hfb-mobile-header-display":"","site-post-title":"","ast-breadcrumbs-content":"","ast-featured-img":"","footer-sml-layout":"","theme-transparent-header-meta":"","adv-header-id-meta":"","stick-header-meta":"","header-above-stick-meta":"","header-main-stick-meta":"","header-below-stick-meta":"","footnotes":""},"class_list":["post-2488","page","type-page","status-publish","hentry"],"uagb_featured_image_src":{"full":false,"thumbnail":false,"medium":false,"medium_large":false,"large":false,"1536x1536":false,"2048x2048":false},"uagb_author_info":{"display_name":"next","author_link":"https:\/\/csaexemerson.org\/index.php\/author\/next\/"},"uagb_comment_info":0,"uagb_excerpt":"Prima edizione del Festival del Cinema Documentario Resistente. Cinema di Castello \/ NextEmerson dal 18 al 20 ottobre 2019 Programma Venerdi&#8217; 18 ottobre &#8211; c\/o Cinema di Castello 21.30 &#8211; The Harvest (di Andrea Paco Mariani, 73&#8242;, IT, FullHD, 2017, ita)presenti Andrea Paco Mariani (regista), Marta Melina (produttrice) Sabato 19 ottobre &#8211; c\/o NextEmerson 18.00&hellip;","_links":{"self":[{"href":"https:\/\/csaexemerson.org\/index.php\/wp-json\/wp\/v2\/pages\/2488","targetHints":{"allow":["GET"]}}],"collection":[{"href":"https:\/\/csaexemerson.org\/index.php\/wp-json\/wp\/v2\/pages"}],"about":[{"href":"https:\/\/csaexemerson.org\/index.php\/wp-json\/wp\/v2\/types\/page"}],"author":[{"embeddable":true,"href":"https:\/\/csaexemerson.org\/index.php\/wp-json\/wp\/v2\/users\/1"}],"replies":[{"embeddable":true,"href":"https:\/\/csaexemerson.org\/index.php\/wp-json\/wp\/v2\/comments?post=2488"}],"version-history":[{"count":0,"href":"https:\/\/csaexemerson.org\/index.php\/wp-json\/wp\/v2\/pages\/2488\/revisions"}],"wp:attachment":[{"href":"https:\/\/csaexemerson.org\/index.php\/wp-json\/wp\/v2\/media?parent=2488"}],"curies":[{"name":"wp","href":"https:\/\/api.w.org\/{rel}","templated":true}]}}